{"id":41,"date":"2014-12-28T19:11:38","date_gmt":"2014-12-28T18:11:38","guid":{"rendered":"http:\/\/agriturismooliveto.local\/?page_id=41"},"modified":"2017-05-25T11:49:27","modified_gmt":"2017-05-25T09:49:27","slug":"ristoro","status":"publish","type":"page","link":"http:\/\/www.agriturismooliveto.com\/de\/ristoro\/","title":{"rendered":"Gastwirtschaft"},"content":{"rendered":"<p>In unserer&nbsp;Gastwirtschaft, in dem h\u00f6chstens&nbsp;20&nbsp;Tischg\u00e4ste Platz nehmen k\u00f6nnen, k\u00f6nnen Sie&nbsp;die Spezialit\u00e4ten &#8211; die Frau Sara wird Ihnen vorschlagen &#8211;&nbsp;&nbsp;kosten.<\/p>\n<p>In einem gem\u00fctlichen&nbsp;Raum werden Sie die jetzt fast verschwundene&nbsp;Bauernk\u00fcche &#8211; mit lokalen Produkten zubereitet &#8211; wieder&nbsp;aufdecken.<\/p>\n<p style=\"text-align: justify;\"><span id=\"result_box\" lang=\"de\"><span class=\"hps\">Im unserer&nbsp;Gastwirtschaft&nbsp;<\/span><span class=\"hps\">kochen<\/span> wir normalerweise <span class=\"hps\">nur, was<\/span> <span class=\"hps\">die<\/span> <span class=\"hps\">Saison<\/span> <span class=\"hps\">bietet<\/span>, aber Sie <span class=\"hps\">hier<\/span> <span class=\"hps\">die Liste aller<\/span>, die Sie genie\u00dfen <span class=\"hps\">k\u00f6nnen &#8211;<\/span> <span class=\"hps\">wenn Sie<\/span> <span class=\"hps\">unsere G\u00e4ste<\/span> <span class=\"hps\">in den verschiedenen<\/span> <span class=\"hps\">Zeiten des Jahres<\/span> <span class=\"hps\">wollensein &#8211;&nbsp;<\/span> <span class=\"hps\">herunterladen k\u00f6nnen.<\/span><\/span><\/p>\n<p>Laden Sie hier die <a href=\"http:\/\/www.agriturismooliveto.com\/wp-content\/uploads\/2014\/12\/AgriturismoOliveto-Menu_DE.pdf\" target=\"_blank\" rel=\"noopener noreferrer\">komplette Speiseliste<\/a>&nbsp;herunter.<\/p>\n<p><span id=\"result_box\" lang=\"de\"><span class=\"hps\">Doch f\u00fcr<\/span> <span class=\"hps\">diejenigen, die<\/span> <span class=\"hps\">einfache Speisen<\/span> <span class=\"hps\">mit<\/span> <span class=\"hps\">gro\u00dfen Weinen<\/span> <span class=\"hps\">zu begleiten<\/span> <span class=\"hps\">lieben<\/span>, <span class=\"hps\">unsere<\/span> <span class=\"hps\">Weinekarte<\/span> <span class=\"hps\">jeden Geschmack<\/span> <span class=\"hps\">befriedigen.<\/span> <\/span><\/p>\n<p>Laden Sie hier unsere <a href=\"http:\/\/www.agriturismooliveto.com\/wp-content\/uploads\/2014\/12\/ListaVini-IT.pdf\" target=\"_blank\" rel=\"noopener noreferrer\">Weinekarte&nbsp;<\/a>(auf Italienisch)&nbsp;herunter.<\/p>\n<p>Um Reservierung wird gebeten:<br \/>\n<strong>+39036572311<\/strong><br \/>\n<strong>+393477009281<\/strong><\/p>\n<p><strong>Oeffnungszeiten:<\/strong><\/p>\n<ul>\n<li>Von M\u00e4rz bis Mai, Freitags und Samstags nur zum Abendessen, Sonntags zum Mittag-und Abendessen.<\/li>\n<li>Juni, Juli und August jeden Abend zum Abendessen und am Sonntag auch zum Mittagessen.<\/li>\n<li>Von September bis Dezember Freitags und Samstags nur zum Abendessen, Sonntags zum Mittag-und Abendessen.<\/li>\n<\/ul>\n<p>&nbsp;<\/p>\n<p><div id=\"metaslider-id-1651\" style=\"width: 100%; margin: 0 auto;\" class=\"ml-slider-3-106-0 metaslider metaslider-responsive metaslider-1651 ml-slider ms-theme-default\" role=\"region\" aria-label=\"Ristorante\" data-height=\"600\" data-width=\"900\">\n    <div id=\"metaslider_container_1651\">\n        <ul id='metaslider_1651' class='rslides'>\n            <li aria-roledescription='slide' aria-labelledby='slide-0'><img fetchpriority=\"high\" decoding=\"async\" src=\"http:\/\/www.agriturismooliveto.com\/wp-content\/uploads\/2021\/07\/IMG_0096.jpg\" height=\"600\" width=\"900\" alt=\"Agriturismo l&#039;Uliveto - Ristoro\" class=\"slider-1651 slide-2718 msDefaultImage\" title=\"Vista esterna del ristoro\" \/><div class=\"caption-wrap\"><div class=\"caption\">Vista esterna del ristoro<\/div><\/div><\/li>\n            <li style='display: none;' aria-roledescription='slide' aria-labelledby='slide-1'><img decoding=\"async\" src=\"http:\/\/www.agriturismooliveto.com\/wp-content\/uploads\/2016\/10\/KL6A9387-733x489.jpg\" height=\"600\" width=\"900\" alt=\"\" class=\"slider-1651 slide-1662 msDefaultImage\" \/><div class=\"caption-wrap\"><div class=\"caption\">Vista esterna del ristoro<\/div><\/div><\/li>\n            <li style='display: none;' aria-roledescription='slide' aria-labelledby='slide-2'><img decoding=\"async\" src=\"http:\/\/www.agriturismooliveto.com\/wp-content\/uploads\/2016\/10\/IMG_0095-600x400.jpg\" height=\"600\" width=\"900\" alt=\"\" class=\"slider-1651 slide-1652 msDefaultImage\" \/><div class=\"caption-wrap\"><div class=\"caption\">Veranda vista lago<\/div><\/div><\/li>\n            <li style='display: none;' aria-roledescription='slide' aria-labelledby='slide-3'><img loading=\"lazy\" decoding=\"async\" src=\"http:\/\/www.agriturismooliveto.com\/wp-content\/uploads\/2016\/10\/KL6A9348-733x489.jpg\" height=\"600\" width=\"900\" alt=\"\" class=\"slider-1651 slide-1660 msDefaultImage\" \/><div class=\"caption-wrap\"><div class=\"caption\">Veranda vista lago<\/div><\/div><\/li>\n            <li style='display: none;' aria-roledescription='slide' aria-labelledby='slide-4'><img loading=\"lazy\" decoding=\"async\" src=\"http:\/\/www.agriturismooliveto.com\/wp-content\/uploads\/2016\/10\/TavoloFuori-900x600.jpg\" height=\"600\" width=\"900\" alt=\"\" class=\"slider-1651 slide-1664 msDefaultImage\" \/><div class=\"caption-wrap\"><div class=\"caption\">Mise en place all'aperto, con vista lago<\/div><\/div><\/li>\n            <li style='display: none;' aria-roledescription='slide' aria-labelledby='slide-5'><img loading=\"lazy\" decoding=\"async\" src=\"http:\/\/www.agriturismooliveto.com\/wp-content\/uploads\/2021\/07\/IMG_0958-Modifica-879x586.jpg\" height=\"600\" width=\"900\" alt=\"Agriturismo l&#039;Uliveto - Ristoro\" class=\"slider-1651 slide-2716 msDefaultImage\" title=\"Sala interna\" \/><div class=\"caption-wrap\"><div class=\"caption\">Sala interna<\/div><\/div><\/li>\n            <li style='display: none;' aria-roledescription='slide' aria-labelledby='slide-6'><img loading=\"lazy\" decoding=\"async\" src=\"http:\/\/www.agriturismooliveto.com\/wp-content\/uploads\/2021\/07\/IMG_0960.jpg\" height=\"600\" width=\"900\" alt=\"Agriturismo l&#039;Uliveto - Ristoro\" class=\"slider-1651 slide-2714 msDefaultImage\" title=\"Sala interna: mise en place\" \/><div class=\"caption-wrap\"><div class=\"caption\">Sala interna: mise en place<\/div><\/div><\/li>\n            <li style='display: none;' aria-roledescription='slide' aria-labelledby='slide-7'><img loading=\"lazy\" decoding=\"async\" src=\"http:\/\/www.agriturismooliveto.com\/wp-content\/uploads\/2021\/07\/IMG_0952.jpg\" height=\"600\" width=\"900\" alt=\"Agriturismo l&#039;Uliveto - Ristoro\" class=\"slider-1651 slide-2720 msDefaultImage\" title=\"Sala interna: mise en place\" \/><div class=\"caption-wrap\"><div class=\"caption\">Sala interna: mise en place<\/div><\/div><\/li>\n            <li style='display: none;' aria-roledescription='slide' aria-labelledby='slide-8'><img loading=\"lazy\" decoding=\"async\" src=\"http:\/\/www.agriturismooliveto.com\/wp-content\/uploads\/2016\/10\/Varietortelli-1-400x266.jpg\" height=\"600\" width=\"900\" alt=\"(Italiano) Tortelli di Tremosine con burro fuso e salvia\" class=\"slider-1651 slide-1665 msDefaultImage\" \/><div class=\"caption-wrap\"><div class=\"caption\">Tortelli di Tremosine con burro fuso e salvia<\/div><\/div><\/li>\n            <li style='display: none;' aria-roledescription='slide' aria-labelledby='slide-9'><img loading=\"lazy\" decoding=\"async\" src=\"http:\/\/www.agriturismooliveto.com\/wp-content\/uploads\/2017\/05\/IMG_3832-900x600.jpg\" height=\"600\" width=\"900\" alt=\"Bigoli al rag\u00f9 di coniglio\" class=\"slider-1651 slide-1962 msDefaultImage\" \/><div class=\"caption-wrap\"><div class=\"caption\">Bigoli al rag\u00f9 di coniglio<\/div><\/div><\/li>\n            <li style='display: none;' aria-roledescription='slide' aria-labelledby='slide-10'><img loading=\"lazy\" decoding=\"async\" src=\"http:\/\/www.agriturismooliveto.com\/wp-content\/uploads\/2017\/05\/IMG_3833-900x600.jpg\" height=\"600\" width=\"900\" alt=\"Petto di anatra al vino rosso\" class=\"slider-1651 slide-1963 msDefaultImage\" \/><div class=\"caption-wrap\"><div class=\"caption\">Petto di anatra al vino rosso<\/div><\/div><\/li>\n            <li style='display: none;' aria-roledescription='slide' aria-labelledby='slide-11'><img loading=\"lazy\" decoding=\"async\" src=\"http:\/\/www.agriturismooliveto.com\/wp-content\/uploads\/2021\/07\/IMG_0966.jpg\" height=\"600\" width=\"900\" alt=\"Agriturismo l&#039;Uliveto - Ristoro\" class=\"slider-1651 slide-2712 msDefaultImage\" title=\"Antipasto misti per il cenone di San Silvestro\" \/><div class=\"caption-wrap\"><div class=\"caption\">Antipasto misti per il cenone di San Silvestro<\/div><\/div><\/li>\n            <li style='display: none;' aria-roledescription='slide' aria-labelledby='slide-12'><img loading=\"lazy\" decoding=\"async\" src=\"http:\/\/www.agriturismooliveto.com\/wp-content\/uploads\/2021\/07\/Spiedo_02-2-900x600.jpg\" height=\"600\" width=\"900\" alt=\"\" class=\"slider-1651 slide-2722 msDefaultImage\" title=\"Spiedo bresciano\" \/><div class=\"caption-wrap\"><div class=\"caption\">Spiedo bresciano<\/div><\/div><\/li>\n        <\/ul>\n        \n    <\/div>\n<\/div><\/p>","protected":false},"excerpt":{"rendered":"<p>In unserer&nbsp;Gastwirtschaft, in dem h\u00f6chstens&nbsp;20&nbsp;Tischg\u00e4ste Platz nehmen k\u00f6nnen, k\u00f6nnen Sie&nbsp;die Spezialit\u00e4ten &#8211; die Frau Sara wird Ihnen vorschlagen &#8211;&nbsp;&nbsp;kosten. In einem gem\u00fctlichen&nbsp;Raum [&hellip;]<\/p>\n","protected":false},"author":1,"featured_media":0,"parent":0,"menu_order":0,"comment_status":"closed","ping_status":"open","template":"","meta":{"ngg_post_thumbnail":0,"footnotes":""},"class_list":["post-41","page","type-page","status-publish","hentry"],"yoast_head":"<!-- This site is optimized with the Yoast SEO plugin v27.2 - https:\/\/yoast.com\/product\/yoast-seo-wordpress\/ -->\n<title>Gastwirtschaft - Agriturismo l&#039;Uliveto<\/title>\n<meta name=\"description\" content=\"Ristoro\" \/>\n<meta name=\"robots\" content=\"index, follow, max-snippet:-1, max-image-preview:large, max-video-preview:-1\" \/>\n<link rel=\"canonical\" href=\"http:\/\/www.agriturismooliveto.com\/it\/ristoro\/\" \/>\n<meta property=\"og:locale\" content=\"de_DE\" \/>\n<meta property=\"og:type\" content=\"article\" \/>\n<meta property=\"og:title\" content=\"[:de]Gastwirtschaft[:en]Restaurant[:it]Ristoro[:] - Agriturismo l&#039;Uliveto\" \/>\n<meta property=\"og:description\" content=\"Ristoro\" \/>\n<meta property=\"og:url\" content=\"http:\/\/www.agriturismooliveto.com\/it\/ristoro\/\" \/>\n<meta property=\"og:site_name\" content=\"Agriturismo l&#039;Uliveto\" \/>\n<meta property=\"article:publisher\" content=\"https:\/\/www.facebook.com\/agriturismooliveto\" \/>\n<meta property=\"article:modified_time\" content=\"2017-05-25T09:49:27+00:00\" \/>\n<meta name=\"twitter:label1\" content=\"Gesch\u00e4tzte Lesezeit\" \/>\n\t<meta name=\"twitter:data1\" content=\"3\u00a0Minuten\" \/>\n<script type=\"application\/ld+json\" class=\"yoast-schema-graph\">{\"@context\":\"https:\/\/schema.org\",\"@graph\":[{\"@type\":\"WebPage\",\"@id\":\"http:\/\/www.agriturismooliveto.com\/it\/ristoro\/\",\"url\":\"http:\/\/www.agriturismooliveto.com\/it\/ristoro\/\",\"name\":\"[:de]Gastwirtschaft[:en]Restaurant[:it]Ristoro[:] - Agriturismo l&#039;Uliveto\",\"isPartOf\":{\"@id\":\"http:\/\/www.agriturismooliveto.com\/it\/#website\"},\"datePublished\":\"2014-12-28T18:11:38+00:00\",\"dateModified\":\"2017-05-25T09:49:27+00:00\",\"description\":\"Ristoro\",\"breadcrumb\":{\"@id\":\"http:\/\/www.agriturismooliveto.com\/it\/ristoro\/#breadcrumb\"},\"inLanguage\":\"de\",\"potentialAction\":[{\"@type\":\"ReadAction\",\"target\":[\"http:\/\/www.agriturismooliveto.com\/it\/ristoro\/\"]}]},{\"@type\":\"BreadcrumbList\",\"@id\":\"http:\/\/www.agriturismooliveto.com\/it\/ristoro\/#breadcrumb\",\"itemListElement\":[{\"@type\":\"ListItem\",\"position\":1,\"name\":\"Home\",\"item\":\"http:\/\/www.agriturismooliveto.com\/it\/\"},{\"@type\":\"ListItem\",\"position\":2,\"name\":\"Ristoro\"}]},{\"@type\":\"WebSite\",\"@id\":\"http:\/\/www.agriturismooliveto.com\/it\/#website\",\"url\":\"http:\/\/www.agriturismooliveto.com\/it\/\",\"name\":\"Agriturismo l&#039;Uliveto\",\"description\":\"\",\"publisher\":{\"@id\":\"http:\/\/www.agriturismooliveto.com\/it\/#organization\"},\"potentialAction\":[{\"@type\":\"SearchAction\",\"target\":{\"@type\":\"EntryPoint\",\"urlTemplate\":\"http:\/\/www.agriturismooliveto.com\/it\/?s={search_term_string}\"},\"query-input\":{\"@type\":\"PropertyValueSpecification\",\"valueRequired\":true,\"valueName\":\"search_term_string\"}}],\"inLanguage\":\"de\"},{\"@type\":\"Organization\",\"@id\":\"http:\/\/www.agriturismooliveto.com\/it\/#organization\",\"name\":\"Agriturismo l'Uliveto\",\"url\":\"http:\/\/www.agriturismooliveto.com\/it\/\",\"logo\":{\"@type\":\"ImageObject\",\"inLanguage\":\"de\",\"@id\":\"http:\/\/www.agriturismooliveto.com\/it\/#\/schema\/logo\/image\/\",\"url\":\"http:\/\/www.agriturismooliveto.com\/wp-content\/uploads\/2016\/10\/Targa.jpg\",\"contentUrl\":\"http:\/\/www.agriturismooliveto.com\/wp-content\/uploads\/2016\/10\/Targa.jpg\",\"width\":3055,\"height\":4657,\"caption\":\"Agriturismo l'Uliveto\"},\"image\":{\"@id\":\"http:\/\/www.agriturismooliveto.com\/it\/#\/schema\/logo\/image\/\"},\"sameAs\":[\"https:\/\/www.facebook.com\/agriturismooliveto\"]}]}<\/script>\n<!-- \/ Yoast SEO plugin. -->","yoast_head_json":{"title":"[:de]Gastwirtschaft[:en]Restaurant[:it]Ristoro[:] - Agriturismo l&#039;Uliveto","description":"Ristoro","robots":{"index":"index","follow":"follow","max-snippet":"max-snippet:-1","max-image-preview":"max-image-preview:large","max-video-preview":"max-video-preview:-1"},"canonical":"http:\/\/www.agriturismooliveto.com\/it\/ristoro\/","og_locale":"de_DE","og_type":"article","og_title":"[:de]Gastwirtschaft[:en]Restaurant[:it]Ristoro[:] - Agriturismo l&#039;Uliveto","og_description":"Ristoro","og_url":"http:\/\/www.agriturismooliveto.com\/it\/ristoro\/","og_site_name":"Agriturismo l&#039;Uliveto","article_publisher":"https:\/\/www.facebook.com\/agriturismooliveto","article_modified_time":"2017-05-25T09:49:27+00:00","twitter_misc":{"Gesch\u00e4tzte Lesezeit":"3\u00a0Minuten"},"schema":{"@context":"https:\/\/schema.org","@graph":[{"@type":"WebPage","@id":"http:\/\/www.agriturismooliveto.com\/it\/ristoro\/","url":"http:\/\/www.agriturismooliveto.com\/it\/ristoro\/","name":"[:de]Gastwirtschaft[:en]Restaurant[:it]Ristoro[:] - Agriturismo l&#039;Uliveto","isPartOf":{"@id":"http:\/\/www.agriturismooliveto.com\/it\/#website"},"datePublished":"2014-12-28T18:11:38+00:00","dateModified":"2017-05-25T09:49:27+00:00","description":"Ristoro","breadcrumb":{"@id":"http:\/\/www.agriturismooliveto.com\/it\/ristoro\/#breadcrumb"},"inLanguage":"de","potentialAction":[{"@type":"ReadAction","target":["http:\/\/www.agriturismooliveto.com\/it\/ristoro\/"]}]},{"@type":"BreadcrumbList","@id":"http:\/\/www.agriturismooliveto.com\/it\/ristoro\/#breadcrumb","itemListElement":[{"@type":"ListItem","position":1,"name":"Home","item":"http:\/\/www.agriturismooliveto.com\/it\/"},{"@type":"ListItem","position":2,"name":"Ristoro"}]},{"@type":"WebSite","@id":"http:\/\/www.agriturismooliveto.com\/it\/#website","url":"http:\/\/www.agriturismooliveto.com\/it\/","name":"Agriturismo l&#039;Uliveto","description":"","publisher":{"@id":"http:\/\/www.agriturismooliveto.com\/it\/#organization"},"potentialAction":[{"@type":"SearchAction","target":{"@type":"EntryPoint","urlTemplate":"http:\/\/www.agriturismooliveto.com\/it\/?s={search_term_string}"},"query-input":{"@type":"PropertyValueSpecification","valueRequired":true,"valueName":"search_term_string"}}],"inLanguage":"de"},{"@type":"Organization","@id":"http:\/\/www.agriturismooliveto.com\/it\/#organization","name":"Agriturismo l'Uliveto","url":"http:\/\/www.agriturismooliveto.com\/it\/","logo":{"@type":"ImageObject","inLanguage":"de","@id":"http:\/\/www.agriturismooliveto.com\/it\/#\/schema\/logo\/image\/","url":"http:\/\/www.agriturismooliveto.com\/wp-content\/uploads\/2016\/10\/Targa.jpg","contentUrl":"http:\/\/www.agriturismooliveto.com\/wp-content\/uploads\/2016\/10\/Targa.jpg","width":3055,"height":4657,"caption":"Agriturismo l'Uliveto"},"image":{"@id":"http:\/\/www.agriturismooliveto.com\/it\/#\/schema\/logo\/image\/"},"sameAs":["https:\/\/www.facebook.com\/agriturismooliveto"]}]}},"_links":{"self":[{"href":"http:\/\/www.agriturismooliveto.com\/de\/wp-json\/wp\/v2\/pages\/41","targetHints":{"allow":["GET"]}}],"collection":[{"href":"http:\/\/www.agriturismooliveto.com\/de\/wp-json\/wp\/v2\/pages"}],"about":[{"href":"http:\/\/www.agriturismooliveto.com\/de\/wp-json\/wp\/v2\/types\/page"}],"author":[{"embeddable":true,"href":"http:\/\/www.agriturismooliveto.com\/de\/wp-json\/wp\/v2\/users\/1"}],"replies":[{"embeddable":true,"href":"http:\/\/www.agriturismooliveto.com\/de\/wp-json\/wp\/v2\/comments?post=41"}],"version-history":[{"count":0,"href":"http:\/\/www.agriturismooliveto.com\/de\/wp-json\/wp\/v2\/pages\/41\/revisions"}],"wp:attachment":[{"href":"http:\/\/www.agriturismooliveto.com\/de\/wp-json\/wp\/v2\/media?parent=41"}],"curies":[{"name":"wp","href":"https:\/\/api.w.org\/{rel}","templated":true}]}}